{"id":3814,"date":"2024-02-14T12:17:23","date_gmt":"2024-02-14T11:17:23","guid":{"rendered":"https:\/\/www.riskreporter.eu\/testimonials\/tom-coordinateur-securite\/"},"modified":"2024-04-11T09:46:50","modified_gmt":"2024-04-11T07:46:50","slug":"tom-coordinateur-securite","status":"publish","type":"testimonial","link":"https:\/\/www.riskreporter.eu\/fr\/t\u00e9moignages\/tom-coordinateur-securite\/","title":{"rendered":"Tom, coordinateur S\u00e9curit\u00e9"},"content":{"rendered":"<h3>Mise en \u0153uvre de mesures de s\u00e9curit\u00e9 sp\u00e9cifiques et sensibilisation<\/h3>\n<p>\u00ab\u00a0Avec Riskreporter, j&rsquo;ai d\u00e9sormais un aper\u00e7u plus d\u00e9taill\u00e9 des risques sur le lieu de travail. Je peux donc prendre des mesures de s\u00e9curit\u00e9 sp\u00e9cifiques et concentrer mes efforts de sensibilisation sur les domaines les plus importants. J&rsquo;ai \u00e9labor\u00e9 un rapport clair pour la direction, permettant de mieux comprendre la gravit\u00e9 des situations.<br \/>\nCes informations ont non seulement conduit \u00e0 un environnement de travail plus s\u00fbr, mais m&rsquo;ont \u00e9galement donn\u00e9 plus de temps pour former le personnel \u00e0 l&rsquo;utilisation appropri\u00e9e des EPI et des machines.\u00a0\u00bb<\/p>\n","protected":false},"featured_media":4447,"parent":0,"template":"","class_list":["post-3814","testimonial","type-testimonial","status-publish","has-post-thumbnail","hentry"],"acf":[],"_links":{"self":[{"href":"https:\/\/www.riskreporter.eu\/fr\/wp-json\/wp\/v2\/testimonial\/3814","targetHints":{"allow":["GET"]}}],"collection":[{"href":"https:\/\/www.riskreporter.eu\/fr\/wp-json\/wp\/v2\/testimonial"}],"about":[{"href":"https:\/\/www.riskreporter.eu\/fr\/wp-json\/wp\/v2\/types\/testimonial"}],"wp:featuredmedia":[{"embeddable":true,"href":"https:\/\/www.riskreporter.eu\/fr\/wp-json\/wp\/v2\/media\/4447"}],"wp:attachment":[{"href":"https:\/\/www.riskreporter.eu\/fr\/wp-json\/wp\/v2\/media?parent=3814"}],"curies":[{"name":"wp","href":"https:\/\/api.w.org\/{rel}","templated":true}]}}